{"id":98707,"date":"2020-06-25T23:10:58","date_gmt":"2020-06-25T23:10:58","guid":{"rendered":"https:\/\/belle.zabica.org\/?post_type=product&#038;p=98707"},"modified":"2022-10-19T09:08:12","modified_gmt":"2022-10-19T09:08:12","slug":"maska-za-lase-s-keratinom-hair-liss-total-repair","status":"publish","type":"product","link":"https:\/\/www.belle.si\/it\/izdelek\/maska-za-lase-s-keratinom-hair-liss-total-repair\/","title":{"rendered":"Maska za lase s keratinom Hair-Liss Total Repair"},"content":{"rendered":"<h2><b>HAIR LISS KERATINE &#8211; Total Repair Maska za lase<\/b><\/h2>\n<p class=\"western\" lang=\"sl-SI\" align=\"justify\"><span style=\"font-size: medium;\"><i>Imate suhe in lomljive lase? So pusti in brez \u017eivljenja?<br \/>\n<\/i><\/span><\/p>\n<p class=\"western\" lang=\"sl-SI\" align=\"justify\"><strong><span style=\"font-size: medium;\">Tudi lasje potrebujejo nego, zato poskrbite za zdravje svojih las.<\/span><\/strong><\/p>\n<p class=\"western\" lang=\"sl-SI\" align=\"justify\"><span style=\"font-size: medium;\">Sonce, onesna\u017eeno okolje, su\u0161enje, barvanje in oblikovanje pod visoko temperaturo \u2026 vse to vpliv na zdravje in izgled va\u0161ih las. <\/span><\/p>\n<p class=\"western\" lang=\"sl-SI\" align=\"justify\"><span style=\"font-size: medium;\">Lasje se zardi teh protosko hitreje starajo, postajajo krhki, lomljivi, neelasti\u010dni, brez leska in te\u017eje se jih oblikuje.<\/span><\/p>\n<p lang=\"sl-SI\" align=\"justify\">Na pomo\u010d vam je lahko maska iz na\u0161e KERATINSKE kolekcije:<\/p>\n<p lang=\"sl-SI\" align=\"justify\"><b>HAIR LISS KERATINE &#8211; Total Repair Maska za lase<\/b><\/p>\n<h2 class=\"western\" lang=\"sl-SI\" align=\"justify\"><span style=\"font-size: medium;\"><b>Sestava maske za lase Hair-Liss keratin Total repair<br \/>\n<\/b><\/span><\/h2>\n<p class=\"western\" lang=\"sl-SI\" align=\"justify\"><span style=\"font-size: medium;\">HAIR LISS KERATINE &#8211; <\/span><span style=\"font-size: medium;\"><b>Maska za obnovo las<\/b><\/span><span style=\"font-size: medium;\"> vsebuje <\/span><span style=\"font-size: medium;\"><b>Keratec IFP<\/b><\/span><span style=\"font-size: medium;\">, ki je aktivna sestavina edinstvene u\u010dinkovine proti staranju, ki pomaga ohranjati lase lepe, mo\u010dne in sijo\u010de, od korena do konic. <\/span><\/p>\n<p class=\"western\" lang=\"sl-SI\" align=\"justify\"><span style=\"font-size: medium;\">Keratec IFP je derivat aktivne sestavine Keratin, ki pomaga \u0161\u010dititi lase pred stresom in vsakodnevnimi vplivi in obremenitvami.Prodre globoko v lase in jih \u0161iti od sredice do ovojnice, kejer ustvari obrambni \u0161\u010dit.<br \/>\n<\/span><\/p>\n<p class=\"western\" lang=\"sl-SI\" align=\"justify\"><span style=\"font-size: medium;\">\u00a0<\/span><span style=\"font-size: medium;\"><b>HAIR LISS KERATIN &#8211; maska za lase<\/b><\/span><span style=\"font-size: medium;\">, je popolna izbira za izbolj\u0161anje zdravja in videzalas, saj se bori proti procesu staranja las in zagotavlja hrano ter nego za lase:<\/span><\/p>\n<p lang=\"sl-SI\" align=\"justify\"><b>HAIR LISS KERATIN &#8211; maska za lase<\/b>:<\/p>\n<ul>\n<li>\n<p lang=\"sl-SI\" align=\"justify\"><span style=\"font-size: medium;\">prepre\u010duje staranje las.<\/span><\/p>\n<\/li>\n<li>\n<p lang=\"sl-SI\" align=\"justify\"><span style=\"font-size: medium;\">ohranja lase zdrave in mladostne.<\/span><\/p>\n<\/li>\n<li>\n<p lang=\"sl-SI\" align=\"justify\"><span style=\"font-size: medium;\">jih naredi bolj sijo\u010de<\/span><\/p>\n<\/li>\n<li>\n<p lang=\"sl-SI\" align=\"justify\"><span style=\"font-size: medium;\">lasje postanejo na dotik bolj gladki <\/span><\/p>\n<\/li>\n<li>\n<p lang=\"sl-SI\" align=\"justify\"><span style=\"font-size: medium;\">vla\u017ei in hidrira lase<br \/>\n<\/span><\/p>\n<\/li>\n<li>\n<p lang=\"sl-SI\" align=\"justify\"><span style=\"font-size: medium;\">okrepi in nahrani zelo suhe in po\u0161kodovane lase.<\/span><\/p>\n<\/li>\n<\/ul>\n<p class=\"western\" lang=\"sl-SI\"><a href=\"https:\/\/www.hairbell.si\/wp-content\/uploads\/2020\/05\/Slika1-kreatin.png\"><img fetchpriority=\"high\" decoding=\"async\" class=\"alignnone size-medium wp-image-100691\" src=\"https:\/\/www.hairbell.si\/wp-content\/uploads\/2020\/05\/Slika1-kreatin-300x229.png\" alt=\"Za\u0161\u010dita in obnova las s keratinom\" width=\"300\" height=\"229\" \/><\/a><\/p>\n<p class=\"western\" lang=\"sl-SI\" align=\"justify\"><span style=\"font-size: medium;\"><b>Navodila za uporabo HAIR LISS KERATIN\u00a0 maske za lase<br \/>\n<\/b><\/span><\/p>\n<p lang=\"sl-SI\" align=\"justify\">Po pranju lase nekoliko osu\u0161ite z brisa\u010do. Masko nanesite enakomerno po lasi\u0161\u010du in celotni dol\u017eini las.<\/p>\n<p class=\"western\" lang=\"sl-SI\" align=\"justify\"><span style=\"font-size: medium;\">Pustite delovati nekaj minut, nato temeljito sperite z mla\u010dno vodo.Ponovite 2x do 3x na teden.<br \/>\n<\/span><\/p>\n<p lang=\"sl-SI\" align=\"justify\">Vsebina: 500ml<\/p>\n<p lang=\"sl-SI\" align=\"justify\">Proizvedeno v Franciji<\/p>\n<h3 lang=\"sl-SI\" align=\"justify\">Za bolj\u0161i u\u010dinek uporabljajte skupaj s \u0161amponom in balzamom iz na\u0161e keratinske kolekcije!<\/h3>\n<p><a href=\"https:\/\/www.hairbell.si\/izdelek\/sampon-keratin-hairliss-za-sijoce-in-gladke-lase\/\">https:\/\/www.hairbell.si\/izdelek\/sampon-keratin-hairliss-za-sijoce-in-gladke-lase\/<\/a><\/p>\n<p><a href=\"https:\/\/www.hairbell.si\/wp-content\/uploads\/2020\/05\/hairliss_sampon.png\"><img decoding=\"async\" class=\"alignnone size-medium wp-image-100675\" src=\"https:\/\/www.hairbell.si\/wp-content\/uploads\/2020\/05\/hairliss_sampon-300x300.png\" alt=\"\u0160ampon Hairliss s keratinom za glaskein sijo\u010de lase\" width=\"300\" height=\"300\" \/><\/a><\/p>\n<p>&nbsp;<\/p>\n<p><a href=\"https:\/\/www.hairbell.si\/?post_type=product&amp;p=100679&amp;preview=true\">https:\/\/www.hairbell.si\/?post_type=product&amp;p=100679&amp;preview=true<\/a><\/p>\n<p><a href=\"https:\/\/www.hairbell.si\/wp-content\/uploads\/2020\/05\/hairliss_balzam.png\"><img decoding=\"async\" class=\"alignnone size-medium wp-image-100680\" src=\"https:\/\/www.hairbell.si\/wp-content\/uploads\/2020\/05\/hairliss_balzam-300x300.png\" alt=\"Balzam s keratinom za glaske, sijo\u010de in mo\u010dne lase\" width=\"300\" height=\"300\" \/><\/a><\/p>\n","protected":false},"excerpt":{"rendered":"<p>HAIR LISS KERATINE &#8211; Total Repair Maska za lase Imate suhe in lomljive lase? So pusti in brez \u017eivljenja? Tudi lasje potrebujejo nego, zato poskrbite za zdravje svojih las. Sonce, onesna\u017eeno okolje, su\u0161enje, barvanje in oblikovanje pod visoko temperaturo \u2026 vse to vpliv na zdravje in izgled va\u0161ih las. Lasje se zardi teh protosko hitreje [&hellip;]<\/p>\n","protected":false},"featured_media":98708,"comment_status":"closed","ping_status":"closed","template":"","meta":{"_uag_custom_page_level_css":"","_monsterinsights_skip_tracking":false,"_monsterinsights_sitenote_active":false,"_monsterinsights_sitenote_note":"","_monsterinsights_sitenote_category":0,"site-sidebar-layout":"default","site-content-layout":"","ast-site-content-layout":"default","site-content-style":"default","site-sidebar-style":"default","ast-global-header-display":"","ast-banner-title-visibility":"","ast-main-header-display":"","ast-hfb-above-header-display":"","ast-hfb-below-header-display":"","ast-hfb-mobile-header-display":"","site-post-title":"","ast-breadcrumbs-content":"","ast-featured-img":"","footer-sml-layout":"","ast-disable-related-posts":"","theme-transparent-header-meta":"","adv-header-id-meta":"","stick-header-meta":"","header-above-stick-meta":"","header-main-stick-meta":"","header-below-stick-meta":"","astra-migrate-meta-layouts":"default","ast-page-background-enabled":"default","ast-page-background-meta":{"desktop":{"background-color":"var(--ast-global-color-4)","background-image":"","background-repeat":"repeat","background-position":"center center","background-size":"auto","background-attachment":"scroll","background-type":"","background-media":"","overlay-type":"","overlay-color":"","overlay-opacity":"","overlay-gradient":""},"tablet":{"background-color":"","background-image":"","background-repeat":"repeat","background-position":"center center","background-size":"auto","background-attachment":"scroll","background-type":"","background-media":"","overlay-type":"","overlay-color":"","overlay-opacity":"","overlay-gradient":""},"mobile":{"background-color":"","background-image":"","background-repeat":"repeat","background-position":"center center","background-size":"auto","background-attachment":"scroll","background-type":"","background-media":"","overlay-type":"","overlay-color":"","overlay-opacity":"","overlay-gradient":""}},"ast-content-background-meta":{"desktop":{"background-color":"var(--ast-global-color-5)","background-image":"","background-repeat":"repeat","background-position":"center center","background-size":"auto","background-attachment":"scroll","background-type":"","background-media":"","overlay-type":"","overlay-color":"","overlay-opacity":"","overlay-gradient":""},"tablet":{"background-color":"var(--ast-global-color-5)","background-image":"","background-repeat":"repeat","background-position":"center center","background-size":"auto","background-attachment":"scroll","background-type":"","background-media":"","overlay-type":"","overlay-color":"","overlay-opacity":"","overlay-gradient":""},"mobile":{"background-color":"var(--ast-global-color-5)","background-image":"","background-repeat":"repeat","background-position":"center center","background-size":"auto","background-attachment":"scroll","background-type":"","background-media":"","overlay-type":"","overlay-color":"","overlay-opacity":"","overlay-gradient":""}}},"product_brand":[],"product_cat":[46],"product_tag":[],"class_list":{"0":"post-98707","1":"product","2":"type-product","3":"status-publish","4":"has-post-thumbnail","6":"product_cat-za-lepe-lase","7":"desktop-align-left","8":"tablet-align-left","9":"mobile-align-left","10":"ast-product-gallery-layout-first-image-large","11":"ast-product-gallery-with-no-image","12":"ast-magnify-disabled","13":"ast-product-tabs-layout-horizontal","15":"first","16":"instock","17":"taxable","18":"shipping-taxable","19":"purchasable","20":"product-type-simple"},"yoast_head":"<!-- This site is optimized with the Yoast SEO plugin v26.9 - https:\/\/yoast.com\/product\/yoast-seo-wordpress\/ -->\n<title>Maska za lase s keratinom Hair-Liss Total Repair - Belle.si kozmeti\u010dna trgovina<\/title>\n<meta name=\"robots\" content=\"index, follow, max-snippet:-1, max-image-preview:large, max-video-preview:-1\" \/>\n<link rel=\"canonical\" href=\"https:\/\/www.belle.si\/it\/izdelek\/maska-za-lase-s-keratinom-hair-liss-total-repair\/\" \/>\n<meta property=\"og:locale\" content=\"it_IT\" \/>\n<meta property=\"og:type\" content=\"article\" \/>\n<meta property=\"og:title\" content=\"Maska za lase s keratinom Hair-Liss Total Repair - Belle.si kozmeti\u010dna trgovina\" \/>\n<meta property=\"og:description\" content=\"HAIR LISS KERATINE &#8211; Total Repair Maska za lase Imate suhe in lomljive lase? So pusti in brez \u017eivljenja? Tudi lasje potrebujejo nego, zato poskrbite za zdravje svojih las. Sonce, onesna\u017eeno okolje, su\u0161enje, barvanje in oblikovanje pod visoko temperaturo \u2026 vse to vpliv na zdravje in izgled va\u0161ih las. Lasje se zardi teh protosko hitreje [&hellip;]\" \/>\n<meta property=\"og:url\" content=\"https:\/\/www.belle.si\/it\/izdelek\/maska-za-lase-s-keratinom-hair-liss-total-repair\/\" \/>\n<meta property=\"og:site_name\" content=\"Belle.si kozmeti\u010dna trgovina\" \/>\n<meta property=\"article:publisher\" content=\"https:\/\/www.facebook.com\/belle.si.cosmetics\/\" \/>\n<meta property=\"article:modified_time\" content=\"2022-10-19T09:08:12+00:00\" \/>\n<meta property=\"og:image\" content=\"https:\/\/www.belle.si\/wp-content\/uploads\/2022\/10\/hairliss_maska.png\" \/>\n\t<meta property=\"og:image:width\" content=\"500\" \/>\n\t<meta property=\"og:image:height\" content=\"500\" \/>\n\t<meta property=\"og:image:type\" content=\"image\/png\" \/>\n<meta name=\"twitter:card\" content=\"summary_large_image\" \/>\n<meta name=\"twitter:label1\" content=\"Tempo di lettura stimato\" \/>\n\t<meta name=\"twitter:data1\" content=\"2 minuti\" \/>\n<script type=\"application\/ld+json\" class=\"yoast-schema-graph\">{\"@context\":\"https:\/\/schema.org\",\"@graph\":[{\"@type\":\"WebPage\",\"@id\":\"https:\/\/www.belle.si\/it\/izdelek\/maska-za-lase-s-keratinom-hair-liss-total-repair\/\",\"url\":\"https:\/\/www.belle.si\/it\/izdelek\/maska-za-lase-s-keratinom-hair-liss-total-repair\/\",\"name\":\"Maska za lase s keratinom Hair-Liss Total Repair - Belle.si kozmeti\u010dna trgovina\",\"isPartOf\":{\"@id\":\"https:\/\/www.belle.si\/it\/#website\"},\"primaryImageOfPage\":{\"@id\":\"https:\/\/www.belle.si\/it\/izdelek\/maska-za-lase-s-keratinom-hair-liss-total-repair\/#primaryimage\"},\"image\":{\"@id\":\"https:\/\/www.belle.si\/it\/izdelek\/maska-za-lase-s-keratinom-hair-liss-total-repair\/#primaryimage\"},\"thumbnailUrl\":\"https:\/\/www.belle.si\/wp-content\/uploads\/2022\/10\/hairliss_maska.png\",\"datePublished\":\"2020-06-25T23:10:58+00:00\",\"dateModified\":\"2022-10-19T09:08:12+00:00\",\"breadcrumb\":{\"@id\":\"https:\/\/www.belle.si\/it\/izdelek\/maska-za-lase-s-keratinom-hair-liss-total-repair\/#breadcrumb\"},\"inLanguage\":\"it-IT\",\"potentialAction\":[{\"@type\":\"ReadAction\",\"target\":[\"https:\/\/www.belle.si\/it\/izdelek\/maska-za-lase-s-keratinom-hair-liss-total-repair\/\"]}]},{\"@type\":\"ImageObject\",\"inLanguage\":\"it-IT\",\"@id\":\"https:\/\/www.belle.si\/it\/izdelek\/maska-za-lase-s-keratinom-hair-liss-total-repair\/#primaryimage\",\"url\":\"https:\/\/www.belle.si\/wp-content\/uploads\/2022\/10\/hairliss_maska.png\",\"contentUrl\":\"https:\/\/www.belle.si\/wp-content\/uploads\/2022\/10\/hairliss_maska.png\",\"width\":500,\"height\":500},{\"@type\":\"BreadcrumbList\",\"@id\":\"https:\/\/www.belle.si\/it\/izdelek\/maska-za-lase-s-keratinom-hair-liss-total-repair\/#breadcrumb\",\"itemListElement\":[{\"@type\":\"ListItem\",\"position\":1,\"name\":\"Home\",\"item\":\"https:\/\/www.belle.si\/it\/\"},{\"@type\":\"ListItem\",\"position\":2,\"name\":\"Trgovina\",\"item\":\"https:\/\/www.belle.si\/trgovina\/\"},{\"@type\":\"ListItem\",\"position\":3,\"name\":\"Maska za lase s keratinom Hair-Liss Total Repair\"}]},{\"@type\":\"WebSite\",\"@id\":\"https:\/\/www.belle.si\/it\/#website\",\"url\":\"https:\/\/www.belle.si\/it\/\",\"name\":\"Belle.si kozmeti\u010dna trgovina\",\"description\":\"\",\"publisher\":{\"@id\":\"https:\/\/www.belle.si\/it\/#organization\"},\"potentialAction\":[{\"@type\":\"SearchAction\",\"target\":{\"@type\":\"EntryPoint\",\"urlTemplate\":\"https:\/\/www.belle.si\/it\/?s={search_term_string}\"},\"query-input\":{\"@type\":\"PropertyValueSpecification\",\"valueRequired\":true,\"valueName\":\"search_term_string\"}}],\"inLanguage\":\"it-IT\"},{\"@type\":\"Organization\",\"@id\":\"https:\/\/www.belle.si\/it\/#organization\",\"name\":\"Belle.si kozmeti\u010dna trgovina\",\"url\":\"https:\/\/www.belle.si\/it\/\",\"logo\":{\"@type\":\"ImageObject\",\"inLanguage\":\"it-IT\",\"@id\":\"https:\/\/www.belle.si\/it\/#\/schema\/logo\/image\/\",\"url\":\"https:\/\/www.belle.si\/wp-content\/uploads\/2022\/10\/cropped-logo_belle_trgovina.png\",\"contentUrl\":\"https:\/\/www.belle.si\/wp-content\/uploads\/2022\/10\/cropped-logo_belle_trgovina.png\",\"width\":270,\"height\":135,\"caption\":\"Belle.si kozmeti\u010dna trgovina\"},\"image\":{\"@id\":\"https:\/\/www.belle.si\/it\/#\/schema\/logo\/image\/\"},\"sameAs\":[\"https:\/\/www.facebook.com\/belle.si.cosmetics\/\",\"https:\/\/www.instagram.com\/belle.si.cosmetics\/\"]}]}<\/script>\n<!-- \/ Yoast SEO plugin. -->","yoast_head_json":{"title":"Maska za lase s keratinom Hair-Liss Total Repair - Belle.si kozmeti\u010dna trgovina","robots":{"index":"index","follow":"follow","max-snippet":"max-snippet:-1","max-image-preview":"max-image-preview:large","max-video-preview":"max-video-preview:-1"},"canonical":"https:\/\/www.belle.si\/it\/izdelek\/maska-za-lase-s-keratinom-hair-liss-total-repair\/","og_locale":"it_IT","og_type":"article","og_title":"Maska za lase s keratinom Hair-Liss Total Repair - Belle.si kozmeti\u010dna trgovina","og_description":"HAIR LISS KERATINE &#8211; Total Repair Maska za lase Imate suhe in lomljive lase? So pusti in brez \u017eivljenja? Tudi lasje potrebujejo nego, zato poskrbite za zdravje svojih las. Sonce, onesna\u017eeno okolje, su\u0161enje, barvanje in oblikovanje pod visoko temperaturo \u2026 vse to vpliv na zdravje in izgled va\u0161ih las. Lasje se zardi teh protosko hitreje [&hellip;]","og_url":"https:\/\/www.belle.si\/it\/izdelek\/maska-za-lase-s-keratinom-hair-liss-total-repair\/","og_site_name":"Belle.si kozmeti\u010dna trgovina","article_publisher":"https:\/\/www.facebook.com\/belle.si.cosmetics\/","article_modified_time":"2022-10-19T09:08:12+00:00","og_image":[{"width":500,"height":500,"url":"https:\/\/www.belle.si\/wp-content\/uploads\/2022\/10\/hairliss_maska.png","type":"image\/png"}],"twitter_card":"summary_large_image","twitter_misc":{"Tempo di lettura stimato":"2 minuti"},"schema":{"@context":"https:\/\/schema.org","@graph":[{"@type":"WebPage","@id":"https:\/\/www.belle.si\/it\/izdelek\/maska-za-lase-s-keratinom-hair-liss-total-repair\/","url":"https:\/\/www.belle.si\/it\/izdelek\/maska-za-lase-s-keratinom-hair-liss-total-repair\/","name":"Maska za lase s keratinom Hair-Liss Total Repair - Belle.si kozmeti\u010dna trgovina","isPartOf":{"@id":"https:\/\/www.belle.si\/it\/#website"},"primaryImageOfPage":{"@id":"https:\/\/www.belle.si\/it\/izdelek\/maska-za-lase-s-keratinom-hair-liss-total-repair\/#primaryimage"},"image":{"@id":"https:\/\/www.belle.si\/it\/izdelek\/maska-za-lase-s-keratinom-hair-liss-total-repair\/#primaryimage"},"thumbnailUrl":"https:\/\/www.belle.si\/wp-content\/uploads\/2022\/10\/hairliss_maska.png","datePublished":"2020-06-25T23:10:58+00:00","dateModified":"2022-10-19T09:08:12+00:00","breadcrumb":{"@id":"https:\/\/www.belle.si\/it\/izdelek\/maska-za-lase-s-keratinom-hair-liss-total-repair\/#breadcrumb"},"inLanguage":"it-IT","potentialAction":[{"@type":"ReadAction","target":["https:\/\/www.belle.si\/it\/izdelek\/maska-za-lase-s-keratinom-hair-liss-total-repair\/"]}]},{"@type":"ImageObject","inLanguage":"it-IT","@id":"https:\/\/www.belle.si\/it\/izdelek\/maska-za-lase-s-keratinom-hair-liss-total-repair\/#primaryimage","url":"https:\/\/www.belle.si\/wp-content\/uploads\/2022\/10\/hairliss_maska.png","contentUrl":"https:\/\/www.belle.si\/wp-content\/uploads\/2022\/10\/hairliss_maska.png","width":500,"height":500},{"@type":"BreadcrumbList","@id":"https:\/\/www.belle.si\/it\/izdelek\/maska-za-lase-s-keratinom-hair-liss-total-repair\/#breadcrumb","itemListElement":[{"@type":"ListItem","position":1,"name":"Home","item":"https:\/\/www.belle.si\/it\/"},{"@type":"ListItem","position":2,"name":"Trgovina","item":"https:\/\/www.belle.si\/trgovina\/"},{"@type":"ListItem","position":3,"name":"Maska za lase s keratinom Hair-Liss Total Repair"}]},{"@type":"WebSite","@id":"https:\/\/www.belle.si\/it\/#website","url":"https:\/\/www.belle.si\/it\/","name":"Belle.si kozmeti\u010dna trgovina","description":"","publisher":{"@id":"https:\/\/www.belle.si\/it\/#organization"},"potentialAction":[{"@type":"SearchAction","target":{"@type":"EntryPoint","urlTemplate":"https:\/\/www.belle.si\/it\/?s={search_term_string}"},"query-input":{"@type":"PropertyValueSpecification","valueRequired":true,"valueName":"search_term_string"}}],"inLanguage":"it-IT"},{"@type":"Organization","@id":"https:\/\/www.belle.si\/it\/#organization","name":"Belle.si kozmeti\u010dna trgovina","url":"https:\/\/www.belle.si\/it\/","logo":{"@type":"ImageObject","inLanguage":"it-IT","@id":"https:\/\/www.belle.si\/it\/#\/schema\/logo\/image\/","url":"https:\/\/www.belle.si\/wp-content\/uploads\/2022\/10\/cropped-logo_belle_trgovina.png","contentUrl":"https:\/\/www.belle.si\/wp-content\/uploads\/2022\/10\/cropped-logo_belle_trgovina.png","width":270,"height":135,"caption":"Belle.si kozmeti\u010dna trgovina"},"image":{"@id":"https:\/\/www.belle.si\/it\/#\/schema\/logo\/image\/"},"sameAs":["https:\/\/www.facebook.com\/belle.si.cosmetics\/","https:\/\/www.instagram.com\/belle.si.cosmetics\/"]}]}},"uagb_featured_image_src":{"full":["https:\/\/www.belle.si\/wp-content\/uploads\/2022\/10\/hairliss_maska.png",500,500,false],"thumbnail":["https:\/\/www.belle.si\/wp-content\/uploads\/2022\/10\/hairliss_maska-150x150.png",150,150,true],"medium":["https:\/\/www.belle.si\/wp-content\/uploads\/2022\/10\/hairliss_maska-300x300.png",300,300,true],"medium_large":["https:\/\/www.belle.si\/wp-content\/uploads\/2022\/10\/hairliss_maska.png",500,500,false],"large":["https:\/\/www.belle.si\/wp-content\/uploads\/2022\/10\/hairliss_maska.png",500,500,false],"1536x1536":["https:\/\/www.belle.si\/wp-content\/uploads\/2022\/10\/hairliss_maska.png",500,500,false],"2048x2048":["https:\/\/www.belle.si\/wp-content\/uploads\/2022\/10\/hairliss_maska.png",500,500,false],"mailpoet_newsletter_max":["https:\/\/www.belle.si\/wp-content\/uploads\/2022\/10\/hairliss_maska.png",500,500,false],"woocommerce_thumbnail":["https:\/\/www.belle.si\/wp-content\/uploads\/2022\/10\/hairliss_maska-300x300.png",300,300,true],"woocommerce_single":["https:\/\/www.belle.si\/wp-content\/uploads\/2022\/10\/hairliss_maska.png",500,500,false],"woocommerce_gallery_thumbnail":["https:\/\/www.belle.si\/wp-content\/uploads\/2022\/10\/hairliss_maska-100x100.png",100,100,true]},"uagb_author_info":{"display_name":"taja","author_link":"https:\/\/www.belle.si\/it\/author\/"},"uagb_comment_info":0,"uagb_excerpt":"HAIR LISS KERATINE &#8211; Total Repair Maska za lase Imate suhe in lomljive lase? So pusti in brez \u017eivljenja? Tudi lasje potrebujejo nego, zato poskrbite za zdravje svojih las. Sonce, onesna\u017eeno okolje, su\u0161enje, barvanje in oblikovanje pod visoko temperaturo \u2026 vse to vpliv na zdravje in izgled va\u0161ih las. Lasje se zardi teh protosko hitreje&hellip;","_links":{"self":[{"href":"https:\/\/www.belle.si\/it\/wp-json\/wp\/v2\/product\/98707","targetHints":{"allow":["GET"]}}],"collection":[{"href":"https:\/\/www.belle.si\/it\/wp-json\/wp\/v2\/product"}],"about":[{"href":"https:\/\/www.belle.si\/it\/wp-json\/wp\/v2\/types\/product"}],"replies":[{"embeddable":true,"href":"https:\/\/www.belle.si\/it\/wp-json\/wp\/v2\/comments?post=98707"}],"wp:featuredmedia":[{"embeddable":true,"href":"https:\/\/www.belle.si\/it\/wp-json\/wp\/v2\/media\/98708"}],"wp:attachment":[{"href":"https:\/\/www.belle.si\/it\/wp-json\/wp\/v2\/media?parent=98707"}],"wp:term":[{"taxonomy":"product_brand","embeddable":true,"href":"https:\/\/www.belle.si\/it\/wp-json\/wp\/v2\/product_brand?post=98707"},{"taxonomy":"product_cat","embeddable":true,"href":"https:\/\/www.belle.si\/it\/wp-json\/wp\/v2\/product_cat?post=98707"},{"taxonomy":"product_tag","embeddable":true,"href":"https:\/\/www.belle.si\/it\/wp-json\/wp\/v2\/product_tag?post=98707"}],"curies":[{"name":"wp","href":"https:\/\/api.w.org\/{rel}","templated":true}]}}